{"id":10511,"date":"2019-04-04T14:37:20","date_gmt":"2019-04-04T12:37:20","guid":{"rendered":"http:\/\/adopcionpuntodeencuentro.com\/web\/?page_id=10511"},"modified":"2023-04-21T10:22:41","modified_gmt":"2023-04-21T08:22:41","slug":"compartiendo-lo-aprendido-comprar-el-libro","status":"publish","type":"page","link":"https:\/\/adopcionpuntodeencuentro.com\/web\/compartiendo-lo-aprendido-comprar-el-libro\/","title":{"rendered":"COMPARTIENDO LO APRENDIDO."},"content":{"rendered":"<p><img loading=\"lazy\" decoding=\"async\" class=\"wp-image-10034 alignleft\" src=\"http:\/\/adopcionpuntodeencuentro.com\/web\/wp-content\/uploads\/agotada-1-549x768.jpg\" alt=\"\" width=\"159\" height=\"223\" srcset=\"https:\/\/adopcionpuntodeencuentro.com\/web\/wp-content\/uploads\/agotada-1-549x768.jpg 549w, https:\/\/adopcionpuntodeencuentro.com\/web\/wp-content\/uploads\/agotada-1-107x150.jpg 107w, https:\/\/adopcionpuntodeencuentro.com\/web\/wp-content\/uploads\/agotada-1-321x450.jpg 321w, https:\/\/adopcionpuntodeencuentro.com\/web\/wp-content\/uploads\/agotada-1.jpg 580w\" sizes=\"(max-width: 159px) 100vw, 159px\" \/><\/p>\n<h3>Tanto\u00a0<a href=\"https:\/\/mariamartintitos.es\/\" target=\"_blank\" rel=\"noopener noreferrer\">Mar\u00eda Mart\u00edn Titos<\/a>, <a href=\"https:\/\/mercedesmoya.com\/\" target=\"_blank\" rel=\"noopener noreferrer\">Mercedes Moya Herrero<\/a> como <a href=\"http:\/\/adopcionpuntodeencuentro.com\/\" target=\"_blank\" rel=\"noopener noreferrer\">\u00a0Adopci\u00f3n Punto de Encuentro<\/a>\u00a0estamos muy agradecidos por la\u00a0estupenda acogida de \u00abCompartiendo lo aprendido\u00bb, libro cuya 1\u00aa edici\u00f3n se encuentra agotada. Pero \u00a1que no cunda el p\u00e1nico! la 2\u00aa edici\u00f3n ya est\u00e1 disponible!<\/h3>\n<h3>Gracias por vuestra comprensi\u00f3n y paciencia.<\/h3>\n<p>&nbsp;<\/p>\n<p>&nbsp;<\/p>\n<div class='divider' > <\/div>\n<p><strong><img loading=\"lazy\" decoding=\"async\" class=\"alignleft wp-image-8234 size-medium\" src=\"http:\/\/adopcionpuntodeencuentro.com\/web\/wp-content\/uploads\/para-grueso0022-333x450.png\" alt=\"\" width=\"333\" height=\"450\" srcset=\"https:\/\/adopcionpuntodeencuentro.com\/web\/wp-content\/uploads\/para-grueso0022-333x450.png 333w, https:\/\/adopcionpuntodeencuentro.com\/web\/wp-content\/uploads\/para-grueso0022-111x150.png 111w, https:\/\/adopcionpuntodeencuentro.com\/web\/wp-content\/uploads\/para-grueso0022-569x768.png 569w, https:\/\/adopcionpuntodeencuentro.com\/web\/wp-content\/uploads\/para-grueso0022.png 597w\" sizes=\"(max-width: 333px) 100vw, 333px\" \/>\u201cCOMPARTIENDO LO APRENDIDO. Desechando los prejuicios sobre adopci\u00f3n y acogimiento\u201d. <\/strong><\/p>\n<p>La escuela es la principal fuente de estr\u00e9s para nuestras familias y no ten\u00edamos una herramienta que ofrecer a los docentes que estuviera escrita desde la otra parte, la de la familia adoptiva.<\/p>\n<p><strong>Compartiendo lo aprendido<\/strong> es un libro con un contenido lleno de fuerza. Avalado por los mejores especialistas de nuestro pa\u00eds y revisado por grandes profesionales del mundo de la educaci\u00f3n.<\/p>\n<p><strong>Con pr\u00f3logo\u00a0<\/strong>de\u00a0<strong><a href=\"http:\/\/deseoyrazon.blogspot.com.es\/\" target=\"_blank\" rel=\"noopener noreferrer\">Juan Alonso Casalilla Gal\u00e1n<\/a><\/strong>. Psic\u00f3logo. Especialista en Adopci\u00f3n. Experto en Protecci\u00f3n de Menores. Adem\u00e1s colaboran en el libro:<\/p>\n<p><strong><a href=\"http:\/\/www.mlapastora.com\/\" target=\"_blank\" rel=\"noopener noreferrer\">Montse Lapastora<\/a><\/strong>. Psic\u00f3loga cl\u00ednica y especialista en adopci\u00f3n.<\/p>\n<p><strong><a href=\"http:\/\/www.agintzari.com\/cas\/en_que_estamos_ficha.aspx?1=1&amp;guid=d66c5222-504c-40df-9d09-0501b07fcbb8\" target=\"_blank\" rel=\"noopener noreferrer\">Alberto Rodr\u00edguez<\/a><\/strong>\u00a0.Psic\u00f3logo y psicoterapeuta especialista en adopci\u00f3n. Agintzari.<\/p>\n<p><a href=\"http:\/\/www.biraka.org\/equipo-humano\/\" target=\"_blank\" rel=\"noopener noreferrer\"><strong>I\u00f1igo Mart\u00ednez de Mandojana Valle<\/strong>.\u00a0<\/a>Educador social y Psicopedagogo.<\/p>\n<p><a href=\"https:\/\/joseluisgonzalo.com\/\" target=\"_blank\" rel=\"noopener noreferrer\"><strong>Jos\u00e9 Luis Gonzalo Marrod\u00e1n<\/strong>.\u00a0<\/a>Psic\u00f3logo cl\u00ednico. Especialista en psicoterapia por la FEAP.<\/p>\n<p>Este libro no puede faltar en ninguna aula. Dotar\u00e1 al docente de herramientas, facilitar\u00e1 nuestras tutor\u00edas y lo m\u00e1s importante nuestro hij@ ser\u00e1 comprendid@, estimulad@ y apoyad@ por sus maestr@s.<\/p>\n<p>&nbsp;<\/p>\n<p><a href=\"https:\/\/compartiendoloaprendido.com\/\" target=\"_blank\" rel=\"noopener noreferrer\"><strong>\u00a0\u201cCOMPARTIENDO LO APRENDIDO. Desechando los prejuicios sobre adopci\u00f3n y acogimiento\u201d .<\/strong><\/a>Un libro publicado en colaboraci\u00f3n con la colaboraci\u00f3n de<a href=\"http:\/\/adopcionpuntodeencuentro.com\/web\/asociate\/\" target=\"_blank\" rel=\"noopener noreferrer\">\u00a0Adopci\u00f3n punto de Encuentro<\/a>.<\/p>\n<p><b>Este es un libro solidario. Los beneficios ser\u00e1n empleados en proyectos de concienciaci\u00f3n y sensibilizaci\u00f3n social por y para la adopci\u00f3n y\/o acogimiento.<\/b><\/p>\n<p>Autoras: Mar\u00eda Mart\u00edn Titos\u00a0 y Mercedes Moya Herrero<br \/>\nIlustraci\u00f3n portada: Diana Fern\u00e1ndez Moya<br \/>\nIlustraciones del libro: Diana y Nacho Fern\u00e1ndez Moya, Victoria y Sim\u00f3n Plata Mart\u00edn<br \/>\nDise\u00f1o y maquetaci\u00f3n: Mercedes Moya Herrero<br \/>\nISBN: 978-84-17293-05-5<\/p>\n<p>Primera edici\u00f3n: Noviembre de 2017. Realizada con el apoyo de Fundaci\u00f3n Diversos, Obra Social LACAIXA y APE Adopci\u00f3n Punto de Encuentro.<\/p>\n<h3><a href=\"http:\/\/compartiendoloaprendido.com\" target=\"_blank\" rel=\"noopener noreferrer\">www. compartiendoloaprendido.com<\/a><\/h3>\n<div class=\"\" data-block=\"true\" data-editor=\"bs13b\" data-offset-key=\"2hib4-0-0\">\n<div class=\"_1mf _1mj\" data-offset-key=\"2hib4-0-0\"><\/div>\n<\/div>\n","protected":false},"excerpt":{"rendered":"<p>Tanto\u00a0Mar\u00eda Mart\u00edn Titos, Mercedes Moya Herrero como \u00a0Adopci\u00f3n Punto de Encuentro\u00a0estamos muy agradecidos por la\u00a0estupenda acogida de \u00abCompartiendo lo aprendido\u00bb, libro cuya 1\u00aa edici\u00f3n se encuentra agotada. Pero \u00a1que no cunda el p\u00e1nico! la 2\u00aa edici\u00f3n ya est\u00e1 disponible! Gracias por vuestra comprensi\u00f3n y paciencia. &nbsp; &nbsp; \u201cCOMPARTIENDO LO APRENDIDO. Desechando los prejuicios sobre adopci\u00f3n &#8230;<\/p>\n","protected":false},"author":1,"featured_media":0,"parent":0,"menu_order":0,"comment_status":"closed","ping_status":"closed","template":"","meta":{"footnotes":""},"_links":{"self":[{"href":"https:\/\/adopcionpuntodeencuentro.com\/web\/wp-json\/wp\/v2\/pages\/10511"}],"collection":[{"href":"https:\/\/adopcionpuntodeencuentro.com\/web\/wp-json\/wp\/v2\/pages"}],"about":[{"href":"https:\/\/adopcionpuntodeencuentro.com\/web\/wp-json\/wp\/v2\/types\/page"}],"author":[{"embeddable":true,"href":"https:\/\/adopcionpuntodeencuentro.com\/web\/wp-json\/wp\/v2\/users\/1"}],"replies":[{"embeddable":true,"href":"https:\/\/adopcionpuntodeencuentro.com\/web\/wp-json\/wp\/v2\/comments?post=10511"}],"version-history":[{"count":9,"href":"https:\/\/adopcionpuntodeencuentro.com\/web\/wp-json\/wp\/v2\/pages\/10511\/revisions"}],"predecessor-version":[{"id":15226,"href":"https:\/\/adopcionpuntodeencuentro.com\/web\/wp-json\/wp\/v2\/pages\/10511\/revisions\/15226"}],"wp:attachment":[{"href":"https:\/\/adopcionpuntodeencuentro.com\/web\/wp-json\/wp\/v2\/media?parent=10511"}],"curies":[{"name":"wp","href":"https:\/\/api.w.org\/{rel}","templated":true}]}}