{"id":3470,"date":"2024-01-22T10:57:28","date_gmt":"2024-01-22T09:57:28","guid":{"rendered":"http:\/\/adopcionpuntodeencuentro.com\/web\/?page_id=3470"},"modified":"2024-11-28T10:32:06","modified_gmt":"2024-11-28T09:32:06","slug":"quienes-somos","status":"publish","type":"page","link":"https:\/\/adopcionpuntodeencuentro.com\/web\/","title":{"rendered":"Punto de Encuentro"},"content":{"rendered":"<p><img loading=\"lazy\" decoding=\"async\" class=\"aligncenter wp-image-15271 size-full\" src=\"http:\/\/adopcionpuntodeencuentro.com\/web\/wp-content\/uploads\/foto-colores-ninos.jpg\" alt=\"\" width=\"2048\" height=\"1266\" srcset=\"https:\/\/adopcionpuntodeencuentro.com\/web\/wp-content\/uploads\/foto-colores-ninos.jpg 2048w, https:\/\/adopcionpuntodeencuentro.com\/web\/wp-content\/uploads\/foto-colores-ninos-450x278.jpg 450w, https:\/\/adopcionpuntodeencuentro.com\/web\/wp-content\/uploads\/foto-colores-ninos-1024x633.jpg 1024w, https:\/\/adopcionpuntodeencuentro.com\/web\/wp-content\/uploads\/foto-colores-ninos-150x93.jpg 150w, https:\/\/adopcionpuntodeencuentro.com\/web\/wp-content\/uploads\/foto-colores-ninos-768x475.jpg 768w, https:\/\/adopcionpuntodeencuentro.com\/web\/wp-content\/uploads\/foto-colores-ninos-1536x950.jpg 1536w\" sizes=\"(max-width: 2048px) 100vw, 2048px\" \/><\/p>\n<p>&nbsp;<\/p>\n<h4>Te damos la bienvenida a este punto de encuentro en el que se dan cita los mejores especialistas en el \u00e1mbito adoptivo: logopedas, psic\u00f3logos, m\u00e9dicos, abogados, educadores, terapeutas, etc, profesionales que han volcado en este proyecto muchos de sus conocimientos porque saben de la necesidad de informaci\u00f3n de todas las familias que, antes y despu\u00e9s de adoptar demandan informaci\u00f3n y recursos, y muchas veces no los encuentran o no les llegan a tiempo. Juntos hemos creado un lugar donde reunir informaci\u00f3n a golpe de un clic para quien la pueda necesitar.<\/h4>\n<h3><img loading=\"lazy\" decoding=\"async\" class=\"size-large wp-image-15274 aligncenter\" src=\"http:\/\/adopcionpuntodeencuentro.com\/web\/wp-content\/uploads\/remake-web-fotor-20240124192025-731x768.png\" alt=\"\" width=\"731\" height=\"768\" srcset=\"https:\/\/adopcionpuntodeencuentro.com\/web\/wp-content\/uploads\/remake-web-fotor-20240124192025-731x768.png 731w, https:\/\/adopcionpuntodeencuentro.com\/web\/wp-content\/uploads\/remake-web-fotor-20240124192025-429x450.png 429w, https:\/\/adopcionpuntodeencuentro.com\/web\/wp-content\/uploads\/remake-web-fotor-20240124192025-143x150.png 143w, https:\/\/adopcionpuntodeencuentro.com\/web\/wp-content\/uploads\/remake-web-fotor-20240124192025-768x806.png 768w, https:\/\/adopcionpuntodeencuentro.com\/web\/wp-content\/uploads\/remake-web-fotor-20240124192025-1463x1536.png 1463w, https:\/\/adopcionpuntodeencuentro.com\/web\/wp-content\/uploads\/remake-web-fotor-20240124192025-1951x2048.png 1951w\" sizes=\"(max-width: 731px) 100vw, 731px\" \/><\/h3>\n<h3><\/h3>\n<h2>Y de todo esto&#8230;\u00bfQui\u00e9nes son los responsables?<\/h2>\n<h4>No puedo nombrar a todos los que nos han aportado ideas pero s\u00ed a los colaboradores m\u00e1s cercanos:<\/h4>\n<p>&nbsp;<\/p>\n<table width=\"655\">\n<tbody>\n<tr>\n<td width=\"245\">\n<h4><a href=\"http:\/\/adopcionpuntodeencuentro.com\/web\/la-escolarizacion-de-los-ninos-y-de-las-ninas-procedentes-de-la-adopcion-montserrat-alguacil-de-nicolas\/\">Montserrat Alguacil de Nicol\u00e1s<\/a><\/h4>\n<\/td>\n<td rowspan=\"44\" width=\"80\"><\/td>\n<td width=\"330\">\n<h4><a href=\"http:\/\/adopcionpuntodeencuentro.com\/web\/?s=linares\">Ana Mar\u00eda Linares<\/a><\/h4>\n<\/td>\n<\/tr>\n<tr>\n<td width=\"245\">\n<h4><a href=\"http:\/\/adopcionpuntodeencuentro.com\/web\/?s=Ricardo+de+Arce\">Ricardo de Arce<\/a><\/h4>\n<\/td>\n<td width=\"330\">\n<h4><a href=\"http:\/\/adopcionpuntodeencuentro.com\/web\/?s=Felix+Loizaga+Latorre\">Felix Loizaga Latorre<\/a><\/h4>\n<\/td>\n<\/tr>\n<tr>\n<td width=\"245\">\n<h4><a href=\"http:\/\/adopcionpuntodeencuentro.com\/web\/?s=Sandra+Ba%C3%ADta\">Sandra Ba\u00edta<\/a><\/h4>\n<\/td>\n<td width=\"330\">\n<h4><a href=\"http:\/\/adopcionpuntodeencuentro.com\/web\/?s=Mar%C3%ADa+Mart%C3%ADn+Titos\">Mar\u00eda Mart\u00edn Titos<\/a><\/h4>\n<\/td>\n<\/tr>\n<tr>\n<td width=\"245\">\n<h4><a href=\"http:\/\/adopcionpuntodeencuentro.com\/web\/?s=Jos%C3%A9+Mar%C3%ADa+Ballar%C3%ADn\">Jos\u00e9 Mar\u00eda Ballar\u00edn<\/a><\/h4>\n<\/td>\n<td width=\"330\">\n<h4><a href=\"http:\/\/adopcionpuntodeencuentro.com\/web\/?s=Igone+Mart%C3%ADnez\">Igone Mart\u00ednez<\/a><\/h4>\n<\/td>\n<\/tr>\n<tr>\n<td width=\"245\">\n<h4><a href=\"http:\/\/adopcionpuntodeencuentro.com\/web\/?s=Sergi+Ban%C3%BAs+Llort\">Sergi Ban\u00fas Llort<\/a><\/h4>\n<\/td>\n<td width=\"330\">\n<h4><a href=\"http:\/\/adopcionpuntodeencuentro.com\/web\/?s=I%C3%B1igo+Mart%C3%ADnez+de+Mandojana\">I\u00f1igo Mart\u00ednez de Mandojana<\/a><\/h4>\n<\/td>\n<\/tr>\n<tr>\n<td width=\"245\">\n<h4><a href=\"http:\/\/adopcionpuntodeencuentro.com\/web\/?s=Beatriz+Ben%C3%A9itez\">Beatriz Ben\u00e9itez<\/a><\/h4>\n<\/td>\n<td width=\"330\">\n<h4><a href=\"http:\/\/adopcionpuntodeencuentro.com\/web\/?s=Conchi+Mart%C3%ADnez+V%C3%A1zquez\">Conchi Mart\u00ednez V\u00e1zquez<\/a><\/h4>\n<\/td>\n<\/tr>\n<tr>\n<td width=\"245\">\n<h4><a href=\"http:\/\/adopcionpuntodeencuentro.com\/web\/?s=Rafael+Benito+Moraga\">Rafael Benito Moraga<\/a><\/h4>\n<\/td>\n<td width=\"330\">\n<h4><a href=\"http:\/\/adopcionpuntodeencuentro.com\/web\/?s=Andoni+Mend%C3%ADa\">Andoni Mend\u00eda<\/a><\/h4>\n<\/td>\n<\/tr>\n<tr>\n<td>\n<h4><a href=\"http:\/\/adopcionpuntodeencuentro.com\/web\/?s=Fernando+Antonio+Bermejo\">Fernando Antonio Bermejo<\/a><\/h4>\n<\/td>\n<td width=\"330\">\n<h4><a href=\"http:\/\/adopcionpuntodeencuentro.com\/web\/?s=Vinyet+Mirabent\">Vinyet Mirabent<\/a><\/h4>\n<\/td>\n<\/tr>\n<tr>\n<td width=\"245\">\n<h4><a href=\"http:\/\/adopcionpuntodeencuentro.com\/web\/?s=Charo+Blanco+Guerrero\">Charo Blanco Guerrero<\/a><\/h4>\n<\/td>\n<td width=\"330\">\n<h4><a href=\"http:\/\/adopcionpuntodeencuentro.com\/web\/?s=Jos%C3%A9+Manuel+Morell\">Jos\u00e9 Manuel Morell<\/a><\/h4>\n<\/td>\n<\/tr>\n<tr>\n<td width=\"245\">\n<h4><a href=\"http:\/\/adopcionpuntodeencuentro.com\/web\/?s=Alicia+Borges\">Alicia Borges<\/a><\/h4>\n<\/td>\n<td width=\"330\">\n<h4><a href=\"https:\/\/adopcionpuntodeencuentro.com\/web\/?s=mercedes+Moya\">Mercedes Moya herrero<\/a><\/h4>\n<\/td>\n<\/tr>\n<tr>\n<td width=\"245\">\n<h4><a href=\"http:\/\/adopcionpuntodeencuentro.com\/web\/?s=Juan+Alonso+Casalilla+Gal%C3%A1n\">Juan Alonso Casalilla Gal\u00e1n<\/a><\/h4>\n<\/td>\n<td width=\"330\">\n<h4><a href=\"http:\/\/adopcionpuntodeencuentro.com\/web\/?s=mugica\">Javier M\u00fagica Flores<\/a><\/h4>\n<\/td>\n<\/tr>\n<tr>\n<td width=\"245\">\n<h4><a href=\"http:\/\/adopcionpuntodeencuentro.com\/web\/?s=Vicente+E.+Caballo\">Vicente E. Caballo<\/a><\/h4>\n<\/td>\n<td width=\"330\">\n<h4><a href=\"http:\/\/adopcionpuntodeencuentro.com\/web\/?s=Marga+Mu%C3%B1iz+Aguilar\">Marga Mu\u00f1iz Aguilar<\/a><\/h4>\n<\/td>\n<\/tr>\n<tr>\n<td width=\"245\">\n<h4><a href=\"http:\/\/adopcionpuntodeencuentro.com\/web\/wp-admin\/post.php?post=13305&amp;action=edit\" aria-label=\"\u00abHABILIDADES SOCIALES. Por Esperanza Dongil Collado y Antonio Cano Vindel\u00bb (Editar)\">Antonio Cano Vindel<\/a><\/h4>\n<\/td>\n<td width=\"330\">\n<h4><a href=\"http:\/\/adopcionpuntodeencuentro.com\/web\/?s=Bruno+Nievas\">Bruno Nievas<\/a><\/h4>\n<\/td>\n<\/tr>\n<tr>\n<td width=\"245\">\n<h4><a href=\"http:\/\/adopcionpuntodeencuentro.com\/web\/?s=Loreto+Castillo\">Loreto Castillo<\/a><\/h4>\n<\/td>\n<td width=\"330\">\n<h4><a href=\"http:\/\/adopcionpuntodeencuentro.com\/web\/?s=I%C3%B1igo+Ochoa+de+Alda\">I\u00f1igo Ochoa de Alda<\/a><\/h4>\n<\/td>\n<\/tr>\n<tr>\n<td width=\"245\">\n<h4><a href=\"http:\/\/adopcionpuntodeencuentro.com\/web\/?s=Jacinto+Castillo+Ortega\">Jacinto Castillo Ortega<\/a><\/h4>\n<\/td>\n<td width=\"330\">\n<h4><a href=\"http:\/\/adopcionpuntodeencuentro.com\/web\/?s=Carlos+Orellana+Ayala\">Carlos Orellana Ayala<\/a><\/h4>\n<\/td>\n<\/tr>\n<tr>\n<td width=\"245\">\n<h4><a href=\"http:\/\/adopcionpuntodeencuentro.com\/web\/?s=Elena+C%C3%B3lera+Sanz\">Elena C\u00f3lera Sanz<\/a><\/h4>\n<\/td>\n<td width=\"330\">\n<h4><a href=\"http:\/\/adopcionpuntodeencuentro.com\/web\/?s=Lila+Parrondo\">Lila Parrondo<\/a><\/h4>\n<\/td>\n<\/tr>\n<tr>\n<td width=\"245\">\n<h4><a href=\"http:\/\/adopcionpuntodeencuentro.com\/web\/?s=Jos%C3%A9+Amador+Delgado+Montoto\">Jos\u00e9 Amador Delgado Montoto<\/a><\/h4>\n<\/td>\n<td width=\"330\">\n<h4><a href=\"http:\/\/adopcionpuntodeencuentro.com\/web\/?s=Jos%C3%A9+Antonio+Reguil%C3%B3n\">Jos\u00e9 Antonio Reguil\u00f3n<\/a><\/h4>\n<\/td>\n<\/tr>\n<tr>\n<td width=\"245\">\n<h4><a href=\"http:\/\/adopcionpuntodeencuentro.com\/web\/?s=JOS%C3%89+iGNACIO+D%C3%8DAZ+CARVAJAL\">Jos\u00e9 Ignacio D\u00edaz Carvajal<\/a><\/h4>\n<\/td>\n<td width=\"330\">\n<h4><a href=\"http:\/\/adopcionpuntodeencuentro.com\/web\/?s=Eduardo+Rigo+Carratal%C3%A1\">Eduardo Rigo Carratal\u00e1<\/a><\/h4>\n<\/td>\n<\/tr>\n<tr>\n<td width=\"245\">\n<h4><a href=\"http:\/\/adopcionpuntodeencuentro.com\/web\/wp-admin\/post.php?post=13305&amp;action=edit\" aria-label=\"\u00abHABILIDADES SOCIALES. Por Esperanza Dongil Collado y Antonio Cano Vindel\u00bb (Editar)\">\u00a0Esperanza Dongil Collado\u00a0<\/a><\/h4>\n<\/td>\n<td width=\"330\">\n<h4><a href=\"http:\/\/adopcionpuntodeencuentro.com\/web\/?s=Alberto+Rodr%C3%ADguez+Gonz%C3%A1lez\">Alberto Rodr\u00edguez Gonz\u00e1lez<\/a><\/h4>\n<\/td>\n<\/tr>\n<tr>\n<td width=\"245\">\n<h4><a href=\"http:\/\/adopcionpuntodeencuentro.com\/web\/?s=%C3%81ngeles+Fern%C3%A1ndez\">\u00c1ngeles Fern\u00e1ndez<\/a><\/h4>\n<\/td>\n<td width=\"330\">\n<h4><a href=\"http:\/\/adopcionpuntodeencuentro.com\/web\/?s=Esperanza+Rodr%C3%ADguez+Romero\">Esperanza Rodr\u00edguez Romero<\/a><\/h4>\n<\/td>\n<\/tr>\n<tr>\n<td width=\"245\">\n<h4><a href=\"http:\/\/adopcionpuntodeencuentro.com\/web\/?s=Itziar+Fern%C3%A1ndez+Cort%C3%A9s\">Itziar Fern\u00e1ndez Cort\u00e9s<\/a><\/h4>\n<\/td>\n<td width=\"330\">\n<h4><a href=\"http:\/\/adopcionpuntodeencuentro.com\/web\/?s=Assumpci%C3%B3+Roqueta\">Assumpci\u00f3 Roqueta<\/a><\/h4>\n<\/td>\n<\/tr>\n<tr>\n<td width=\"245\">\n<h4><a href=\"http:\/\/adopcionpuntodeencuentro.com\/web\/?s=Rosa+M.+Fern%C3%A1ndez\">Rosa M. Fern\u00e1ndez<\/a><\/h4>\n<\/td>\n<td width=\"330\">\n<h4><a href=\"http:\/\/adopcionpuntodeencuentro.com\/web\/?s=Maria+jos%C3%A9+S%C3%A1nchez+Meg%C3%ADa\">Mar\u00eda Jos\u00e9 Sanchez Meg\u00eda<\/a><\/h4>\n<\/td>\n<\/tr>\n<tr>\n<td width=\"245\">\n<h4><a href=\"http:\/\/adopcionpuntodeencuentro.com\/web\/?s=M%C2%AA+Luisa+Ferrer%C3%B3s\">M\u00aa Luisa Ferrer\u00f3s<\/a><\/h4>\n<\/td>\n<td width=\"330\">\n<h4><a href=\"http:\/\/adopcionpuntodeencuentro.com\/web\/?s=Marina+de+Santiago\">Marina de Santiago<\/a><\/h4>\n<\/td>\n<\/tr>\n<tr>\n<td width=\"245\">\n<h4><a href=\"http:\/\/adopcionpuntodeencuentro.com\/web\/?s=Inmaculada+de+la+Fuente\">Inmaculada de la Fuente<\/a><\/h4>\n<\/td>\n<td width=\"330\">\n<h4><a href=\"http:\/\/adopcionpuntodeencuentro.com\/web\/?s=Bel%C3%A9n+Ruiz+de+Miguel\">Bel\u00e9n Ruiz de Miguel<\/a><\/h4>\n<\/td>\n<\/tr>\n<tr>\n<td width=\"245\">\n<h4><a href=\"http:\/\/adopcionpuntodeencuentro.com\/web\/?s=Pilar+Gonz%C3%A1lez+Moreno\">Pilar Gonz\u00e1lez Moreno<\/a><\/h4>\n<\/td>\n<td width=\"330\">\n<h4><a href=\"http:\/\/adopcionpuntodeencuentro.com\/web\/?s=Zaida+S%C3%A1nchez\">Zaida S\u00e1nchez<\/a><\/h4>\n<\/td>\n<\/tr>\n<tr>\n<td width=\"245\">\n<h4><a href=\"http:\/\/adopcionpuntodeencuentro.com\/web\/?s=Jos%C3%A9+Luis+Gonzalo+Marrod%C3%A1n\">Jos\u00e9 Luis Gonzalo Marrod\u00e1n<\/a><\/h4>\n<\/td>\n<td width=\"330\">\n<h4><a href=\"http:\/\/adopcionpuntodeencuentro.com\/web\/?s=Alejandra+S%C3%A1nchez+Yanes\">Alejandra S\u00e1nchez Yanes<\/a><\/h4>\n<\/td>\n<\/tr>\n<tr>\n<td width=\"245\">\n<h4><a href=\"http:\/\/adopcionpuntodeencuentro.com\/web\/un-cuento-con-varios-finales-posible-y-tu-cual-eliges\/\">Javier Herrera<\/a><\/h4>\n<\/td>\n<td width=\"330\">\n<h4><a href=\"http:\/\/adopcionpuntodeencuentro.com\/web\/?s=iratxe+serrano\">Iratxe Serrano<\/a><\/h4>\n<\/td>\n<\/tr>\n<tr>\n<td width=\"245\">\n<h4><a href=\"http:\/\/adopcionpuntodeencuentro.com\/web\/?s=Pepa+Horno\">Pepa Horno<\/a><\/h4>\n<\/td>\n<td width=\"330\">\n<h4><a href=\"http:\/\/adopcionpuntodeencuentro.com\/web\/retraimiento-social-o-las-distintas-caras-de-la-soledad\/\">M.Victoria Trianes Torres<\/a><\/h4>\n<\/td>\n<\/tr>\n<tr>\n<td width=\"245\">\n<h4><a href=\"http:\/\/adopcionpuntodeencuentro.com\/web\/?s=Ana+Francia+Iturregui\">Ana Francia Iturregui<\/a><\/h4>\n<\/td>\n<td width=\"330\">\n<h4><a href=\"http:\/\/adopcionpuntodeencuentro.com\/web\/?s=itsaso\">Itsaso Urdabai<\/a><\/h4>\n<\/td>\n<\/tr>\n<tr>\n<td width=\"245\">\n<h4><a href=\"http:\/\/adopcionpuntodeencuentro.com\/web\/?s=Magdalena+Juan\">Magdalena Juan<\/a><\/h4>\n<\/td>\n<td width=\"330\">\n<h4><a href=\"http:\/\/adopcionpuntodeencuentro.com\/web\/?s=Loli+Urizar+Nieto\">Loli Urizar Nieto<\/a><\/h4>\n<\/td>\n<\/tr>\n<tr>\n<td width=\"245\">\n<h4><a href=\"http:\/\/adopcionpuntodeencuentro.com\/web\/?s=Carmen+Lamata\">Carmen Lamata<\/a><\/h4>\n<\/td>\n<td width=\"330\">\n<h4><a href=\"http:\/\/adopcionpuntodeencuentro.com\/web\/?s=Mercedes+del+Valle\">Mercedes del Valle<\/a><\/h4>\n<\/td>\n<\/tr>\n<tr>\n<td width=\"245\">\n<h4><a href=\"http:\/\/adopcionpuntodeencuentro.com\/web\/?s=Montse+Lapastora\">Montse Lapastora<\/a><\/h4>\n<\/td>\n<td width=\"330\">\n<h4><a href=\"http:\/\/adopcionpuntodeencuentro.com\/web\/?s=Laura+Vallejo\">Laura Vallejo<\/a><\/h4>\n<\/td>\n<\/tr>\n<tr>\n<td width=\"245\">\n<h4><a href=\"http:\/\/adopcionpuntodeencuentro.com\/web\/?s=Jaime+Ledesma\">Jaime Ledesma<\/a><\/h4>\n<\/td>\n<td width=\"330\">\n<h4><a href=\"http:\/\/adopcionpuntodeencuentro.com\/web\/?s=montse+V%C3%A1zquez\">Montse V\u00e1zquez\u00a0<\/a><\/h4>\n<\/td>\n<\/tr>\n<tr>\n<td><\/td>\n<td width=\"330\">\n<h4><a href=\"http:\/\/adopcionpuntodeencuentro.com\/web\/?s=carme+vilagin%C3%A9s\">Carme Vilagin\u00e9s<\/a><\/h4>\n<\/td>\n<\/tr>\n<\/tbody>\n<\/table>\n<p>&nbsp;<\/p>\n<p>&nbsp;<\/p>\n<h4><strong>Adem\u00e1s de sus trabajos contamos con art\u00edculos de <a href=\"http:\/\/adopcionpuntodeencuentro.com\/web\/?s=David+Brodzinsky\">David Brodzinsky<\/a>, <a href=\"http:\/\/adopcionpuntodeencuentro.com\/web\/?s=Emilce+Dio+Bleichmar\">Emilce Dio Bleichmar<\/a>, <a href=\"http:\/\/adopcionpuntodeencuentro.com\/web\/?s=cyrulnik\">Borys Cyrulnik<\/a>, <a href=\"http:\/\/adopcionpuntodeencuentro.com\/web\/?s=Christine+Delepi%C3%A8re\">Christine Delepi\u00e8re<\/a>, <a href=\"http:\/\/adopcionpuntodeencuentro.com\/web\/?s=Robin+Marantz+Hening\">Robin Marantz Hening<\/a>, <a href=\"http:\/\/adopcionpuntodeencuentro.com\/web\/?s=Jane+Nelsen\">Jane Nelsen<\/a>, <a href=\"http:\/\/adopcionpuntodeencuentro.com\/web\/?s=Bruce+Perry\">Bruce Perry<\/a>, Marshall Schechter y <a href=\"http:\/\/adopcionpuntodeencuentro.com\/web\/?s=Maia+Szalavitz\">Maia Szalavitz<\/a> por citar algunos.<\/strong><\/h4>\n<h4><strong>Y tambi\u00e9n tenemos secciones como<a href=\"http:\/\/adopcionpuntodeencuentro.com\/web\/category\/libros-de-adopcion\/\">\u00a0ABOOKCI\u00d3N<\/a> con una amplia lista de t\u00edtulos recomendados y\u00a0 nuestro<a href=\"http:\/\/adopcionpuntodeencuentro.com\/web\/?s=+ADOPCIONARIO\"> ADOPCIONARIO<\/a>\u00a0reci\u00e9n estrenado y\u00a0 al que vamos a\u00f1adiendo palabras que pertenecen al campo de la adopci\u00f3n y el acogimiento, y unasecci\u00f3n donde pod\u00e9is descargaros las <a href=\"http:\/\/adopcionpuntodeencuentro.com\/web\/?s=guia+manual\">GU\u00cdAS<\/a> m\u00e1s variadas sobre derecho, educaci\u00f3n, salud y familia. Adem\u00e1s pronto tendremos una nueva secci\u00f3n que ya est\u00e1 casi lista y que muy pronto ofreceremos (y hasta aqu\u00ed puedo escribir).<\/strong><\/h4>\n<h4><strong>Tambi\u00e9n pod\u00e9is acceder a <a href=\"http:\/\/adopcionpuntodeencuentro.com\/web\/?s=mercedes+Moya\">los art\u00edculos que he firmado\u00a0<\/a>y en los que he puesto mi experiencia y mi coraz\u00f3n. Y hablando de coraz\u00f3n&#8230;. agradecer de coraz\u00f3n y entera, por supuesto a todos los que nos apoyan con sus ideas, aportaciones\u00a0 familias, profesionales y asociaciones con las que queremos conseguir que las cosas mejoren para nuestros hijos y para las familias que vienen detr\u00e1s. Porque el motor de todo\u00a0 esto son nuestros hijos e hijas, los de todos, los que ya son y los que vendr\u00e1n.<\/strong><\/h4>\n<h4><strong>Y tambi\u00e9n de manera muy sentida doy las gracias por cada una de las visitas, por el \u00a0inter\u00e9s que sentimos en los comentarios de gratitud en cada art\u00edculo, en cada post, en cada email recibido.<\/strong><\/h4>\n<h4><strong>GRACIAS.<\/strong><\/h4>\n<h4><strong><a href=\"https:\/\/mercedesmoya.com\/\">Mercedes Moya<\/a><\/strong><\/h4>\n<p>&nbsp;<\/p>\n<h2 style=\"text-align: left;\"><span style=\"color: #0f0f0f;\"><em><strong>Trabajando por la adopci\u00f3n y para que se conozca y reconozca la adversidad temprana. (Clik en la imagen)<\/strong><\/em><\/span><\/h2>\n<p><a href=\"http:\/\/adopcionpuntodeencuentro.com\/web\/wp-content\/uploads\/CV2024-Mercedes-Moya-Herrero.pdf\" target=\"_blank\" rel=\"noopener\"><img loading=\"lazy\" decoding=\"async\" class=\"aligncenter wp-image-15240 size-full\" src=\"http:\/\/adopcionpuntodeencuentro.com\/web\/wp-content\/uploads\/biografia-Mercedes-Moya-2023.png\" alt=\"\" width=\"1344\" height=\"654\" srcset=\"https:\/\/adopcionpuntodeencuentro.com\/web\/wp-content\/uploads\/biografia-Mercedes-Moya-2023.png 1344w, https:\/\/adopcionpuntodeencuentro.com\/web\/wp-content\/uploads\/biografia-Mercedes-Moya-2023-450x219.png 450w, https:\/\/adopcionpuntodeencuentro.com\/web\/wp-content\/uploads\/biografia-Mercedes-Moya-2023-1024x498.png 1024w, https:\/\/adopcionpuntodeencuentro.com\/web\/wp-content\/uploads\/biografia-Mercedes-Moya-2023-150x73.png 150w, https:\/\/adopcionpuntodeencuentro.com\/web\/wp-content\/uploads\/biografia-Mercedes-Moya-2023-768x374.png 768w\" sizes=\"(max-width: 1344px) 100vw, 1344px\" \/><\/a><\/p>\n<p style=\"text-align: center;\">\n","protected":false},"excerpt":{"rendered":"<p>&nbsp; Te damos la bienvenida a este punto de encuentro en el que se dan cita los mejores especialistas en el \u00e1mbito adoptivo: logopedas, psic\u00f3logos, m\u00e9dicos, abogados, educadores, terapeutas, etc, profesionales que han volcado en este proyecto muchos de sus conocimientos porque saben de la necesidad de informaci\u00f3n de todas las familias que, antes y &#8230;<\/p>\n","protected":false},"author":1,"featured_media":15240,"parent":0,"menu_order":0,"comment_status":"open","ping_status":"open","template":"","meta":{"footnotes":""},"_links":{"self":[{"href":"https:\/\/adopcionpuntodeencuentro.com\/web\/wp-json\/wp\/v2\/pages\/3470"}],"collection":[{"href":"https:\/\/adopcionpuntodeencuentro.com\/web\/wp-json\/wp\/v2\/pages"}],"about":[{"href":"https:\/\/adopcionpuntodeencuentro.com\/web\/wp-json\/wp\/v2\/types\/page"}],"author":[{"embeddable":true,"href":"https:\/\/adopcionpuntodeencuentro.com\/web\/wp-json\/wp\/v2\/users\/1"}],"replies":[{"embeddable":true,"href":"https:\/\/adopcionpuntodeencuentro.com\/web\/wp-json\/wp\/v2\/comments?post=3470"}],"version-history":[{"count":39,"href":"https:\/\/adopcionpuntodeencuentro.com\/web\/wp-json\/wp\/v2\/pages\/3470\/revisions"}],"predecessor-version":[{"id":15270,"href":"https:\/\/adopcionpuntodeencuentro.com\/web\/wp-json\/wp\/v2\/pages\/3470\/revisions\/15270"}],"wp:featuredmedia":[{"embeddable":true,"href":"https:\/\/adopcionpuntodeencuentro.com\/web\/wp-json\/wp\/v2\/media\/15240"}],"wp:attachment":[{"href":"https:\/\/adopcionpuntodeencuentro.com\/web\/wp-json\/wp\/v2\/media?parent=3470"}],"curies":[{"name":"wp","href":"https:\/\/api.w.org\/{rel}","templated":true}]}}